{"id":3585,"date":"2025-11-16T11:32:17","date_gmt":"2025-11-16T09:32:17","guid":{"rendered":"https:\/\/harrastekerhotsalo.fi\/?page_id=3585"},"modified":"2025-11-17T21:43:21","modified_gmt":"2025-11-17T19:43:21","slug":"vanhoja-hallituksia","status":"publish","type":"page","link":"https:\/\/harrastekerhotsalo.fi\/index.php\/vanhoja-hallituksia\/","title":{"rendered":"Vanhoja hallituksia"},"content":{"rendered":"\t\t<div data-elementor-type=\"wp-page\" data-elementor-id=\"3585\" class=\"elementor elementor-3585\">\n\t\t\t\t<div class=\"elementor-element elementor-element-43341e7 e-flex e-con-boxed e-con e-parent\" data-id=\"43341e7\" data-element_type=\"container\" data-e-type=\"container\">\n\t\t\t\t\t<div class=\"e-con-inner\">\n\t\t<div class=\"elementor-element elementor-element-194f5da e-con-full e-flex e-con e-child\" data-id=\"194f5da\" data-element_type=\"container\" data-e-type=\"container\">\n\t\t\t\t<div class=\"elementor-element elementor-element-2201160 elementor-widget elementor-widget-text-editor\" data-id=\"2201160\" data-element_type=\"widget\" data-e-type=\"widget\" data-widget_type=\"text-editor.default\">\n\t\t\t\t\t\t\t\t\t<p><strong>Yhdistyksen hallitus 2025-2026<\/strong><br \/>Juha Kivirinta,\u00a0puheenjohtaja<br \/>Esa Koskela,\u00a0varapuheenjohtaja<br \/>Mika Kortelainen,\u00a0sihteeri<br \/>Jyrki Sippola,\u00a0rahastonhoitaja<br \/>Harri Wallenius,\u00a0j\u00e4sen<br \/>Otso Yl\u00f6nen,\u00a0j\u00e4sen<br \/>Petri Hokkanen,\u00a0j\u00e4sen<br \/>Sami Koskinen,\u00a0j\u00e4sen<br \/>Ilkka H\u00f6rkk\u00f6,\u00a0varaj\u00e4sen<br \/>Tomi Joutsila,\u00a0varaj\u00e4sen<\/p>\t\t\t\t\t\t\t\t<\/div>\n\t\t\t\t<\/div>\n\t\t<div class=\"elementor-element elementor-element-a69219f e-con-full e-flex e-con e-child\" data-id=\"a69219f\" data-element_type=\"container\" data-e-type=\"container\">\n\t\t\t\t<div class=\"elementor-element elementor-element-54454b0 elementor-widget elementor-widget-text-editor\" data-id=\"54454b0\" data-element_type=\"widget\" data-e-type=\"widget\" data-widget_type=\"text-editor.default\">\n\t\t\t\t\t\t\t\t\t<p><strong>Yhdistyksen hallitus 2024-2025<\/strong><br \/>Aimo Leskel\u00e4, puheenjohtaja<br \/>Esa Koskela, varapuheenjohtaja<br \/>Pirjo Koskinen, sihteeri<br \/>Jyrki Sippola, rahastonhoitaja<br \/>Petri Hokkanen, j\u00e4sen<br \/>Sami Koskinen, j\u00e4sen<br \/>Otso Yl\u00f6nen, varaj\u00e4sen<br \/>Harri Wallenius, j\u00e4sen<br \/>Ilkka H\u00f6rkk\u00f6, varaj\u00e4sen<br \/>Jari Talkara, varaj\u00e4sen<\/p>\t\t\t\t\t\t\t\t<\/div>\n\t\t\t\t<\/div>\n\t\t\t\t\t<\/div>\n\t\t\t\t<\/div>\n\t\t<div class=\"elementor-element elementor-element-ef9f5b4 e-flex e-con-boxed e-con e-parent\" data-id=\"ef9f5b4\" data-element_type=\"container\" data-e-type=\"container\">\n\t\t\t\t\t<div class=\"e-con-inner\">\n\t\t<div class=\"elementor-element elementor-element-0b30dee e-con-full e-flex e-con e-child\" data-id=\"0b30dee\" data-element_type=\"container\" data-e-type=\"container\">\n\t\t\t\t<div class=\"elementor-element elementor-element-c5193a6 elementor-widget elementor-widget-text-editor\" data-id=\"c5193a6\" data-element_type=\"widget\" data-e-type=\"widget\" data-widget_type=\"text-editor.default\">\n\t\t\t\t\t\t\t\t\t<p><strong>Yhdistyksen hallitus 2023-2024<\/strong><br \/>Aimo Leskel\u00e4, puheenjohtaja<br \/>Esa Koskela, varapuheenjohtaja<br \/>Pirjo Koskinen, sihteeri<br \/>Jari Talkara, rahastonhoitaja<br \/>Petri Hokkanen, j\u00e4sen<br \/>Kimmo Iirola, j\u00e4sen<br \/>Jyrki Sippola, j\u00e4sen<br \/>Sami-Ville Koskinen, j\u00e4sen<br \/>Otso Yl\u00f6nen, varaj\u00e4sen<br \/>Mika Kortelainen, varaj\u00e4sen<br \/>Harri Wallenius, varaj\u00e4sen<\/p>\t\t\t\t\t\t\t\t<\/div>\n\t\t\t\t<\/div>\n\t\t<div class=\"elementor-element elementor-element-48f8af5 e-con-full e-flex e-con e-child\" data-id=\"48f8af5\" data-element_type=\"container\" data-e-type=\"container\">\n\t\t\t\t<div class=\"elementor-element elementor-element-8ba8c55 elementor-widget elementor-widget-text-editor\" data-id=\"8ba8c55\" data-element_type=\"widget\" data-e-type=\"widget\" data-widget_type=\"text-editor.default\">\n\t\t\t\t\t\t\t\t\t<p><strong>Yhdistyksen hallitus 2022-2023<\/strong> <br \/>Aimo Leskel\u00e4, puheenjohtaja<br \/>Esa Koskela, varapuheenjohtaja<br \/>Pirjo Koskinen, sihteeri<br \/>Jari Talkara, rahastonhoitaja<br \/>Petri Hokkanen, j\u00e4sen<br \/>Kimmo Iirola, j\u00e4sen<br \/>Jyrki Sippola, j\u00e4sen<br \/>Sami-Ville Koskinen, j\u00e4sen<br \/>Otso Yl\u00f6nen, varaj\u00e4sen<br \/>Ilkka H\u00f6rkk\u00f6, varaj\u00e4sen<br \/>Mika Kortelainen, varaj\u00e4sen<br \/>Harri Wallenius, varaj\u00e4sen<\/p>\t\t\t\t\t\t\t\t<\/div>\n\t\t\t\t<\/div>\n\t\t\t\t\t<\/div>\n\t\t\t\t<\/div>\n\t\t<div class=\"elementor-element elementor-element-c366dca e-flex e-con-boxed e-con e-parent\" data-id=\"c366dca\" data-element_type=\"container\" data-e-type=\"container\">\n\t\t\t\t\t<div class=\"e-con-inner\">\n\t\t<div class=\"elementor-element elementor-element-a015ddc e-con-full e-flex e-con e-child\" data-id=\"a015ddc\" data-element_type=\"container\" data-e-type=\"container\">\n\t\t\t\t<div class=\"elementor-element elementor-element-2833216 elementor-widget elementor-widget-text-editor\" data-id=\"2833216\" data-element_type=\"widget\" data-e-type=\"widget\" data-widget_type=\"text-editor.default\">\n\t\t\t\t\t\t\t\t\t<p><strong>Yhdistyksen hallitus 2021-2022<\/strong><br \/>Aimo Leskel\u00e4, puheenjohtaja<br \/>Esa Koskela, varapuheenjohtaja<br \/>Pirjo Koskinen, sihteeri<br \/>Jari Talkara, rahastonhoitaja<br \/>Petri Hokkanen, j\u00e4sen<br \/>Kimmo Iirola, j\u00e4sen<br \/>Jyrki Sippola, j\u00e4sen<br \/>Sami-Ville Koskinen, j\u00e4sen<br \/>Otso Yl\u00f6nen, varaj\u00e4sen<br \/>Ilkka H\u00f6rkk\u00f6, varaj\u00e4sen<br \/>Mika Kortelainen, varaj\u00e4sen<\/p>\t\t\t\t\t\t\t\t<\/div>\n\t\t\t\t<\/div>\n\t\t<div class=\"elementor-element elementor-element-4706424 e-con-full e-flex e-con e-child\" data-id=\"4706424\" data-element_type=\"container\" data-e-type=\"container\">\n\t\t\t\t<div class=\"elementor-element elementor-element-90c112d elementor-widget elementor-widget-text-editor\" data-id=\"90c112d\" data-element_type=\"widget\" data-e-type=\"widget\" data-widget_type=\"text-editor.default\">\n\t\t\t\t\t\t\t\t\t<p><strong>Yhdistyksen hallitus 2020-2021<\/strong><br \/>Aimo Leskel\u00e4, puheenjohtaja<br \/>Esa Koskela, varapuheenjohtaja<br \/>Pirjo Koskinen, sihteeri<br \/>Jari Talkara, rahastonhoitaja<br \/>Petri Hokkanen, j\u00e4sen<br \/>Kimmo Iirola, j\u00e4sen<br \/>Jyrki Sippola, j\u00e4sen<br \/>Sami-Ville Koskinen, j\u00e4sen<br \/>Otso Yl\u00f6nen, varaj\u00e4sen<br \/>Ilkka H\u00f6rkk\u00f6<br \/>Mika Kortelainen, varaj\u00e4sen<\/p>\t\t\t\t\t\t\t\t<\/div>\n\t\t\t\t<\/div>\n\t\t\t\t\t<\/div>\n\t\t\t\t<\/div>\n\t\t<div class=\"elementor-element elementor-element-674f9cc e-flex e-con-boxed e-con e-parent\" data-id=\"674f9cc\" data-element_type=\"container\" data-e-type=\"container\">\n\t\t\t\t\t<div class=\"e-con-inner\">\n\t\t<div class=\"elementor-element elementor-element-79bf474 e-con-full e-flex e-con e-child\" data-id=\"79bf474\" data-element_type=\"container\" data-e-type=\"container\">\n\t\t\t\t<div class=\"elementor-element elementor-element-82688c5 elementor-widget elementor-widget-text-editor\" data-id=\"82688c5\" data-element_type=\"widget\" data-e-type=\"widget\" data-widget_type=\"text-editor.default\">\n\t\t\t\t\t\t\t\t\t<p><strong>Yhdistyksen hallitus 2019<\/strong> <br \/>Aimo Leskel\u00e4, puheenjohtaja<br \/>Esa Koskela, varapuheenjohtaja<br \/>Pirjo Koskinen, sihteeri<br \/>Jari Talkara, rahastonhoitaja<br \/>Petri Hokkanen, j\u00e4sen<br \/>Kimmo Iirola, j\u00e4sen<br \/>Jyrki Sippola, j\u00e4sen<br \/>Otso Yl\u00f6nen, j\u00e4sen<br \/>Ilkka H\u00f6rkk\u00f6, varaj\u00e4sen<br \/>Mika Kortelainen, varaj\u00e4sen<\/p>\t\t\t\t\t\t\t\t<\/div>\n\t\t\t\t<\/div>\n\t\t<div class=\"elementor-element elementor-element-7a4944c e-con-full e-flex e-con e-child\" data-id=\"7a4944c\" data-element_type=\"container\" data-e-type=\"container\">\n\t\t\t\t<div class=\"elementor-element elementor-element-2ecfa14 elementor-widget elementor-widget-text-editor\" data-id=\"2ecfa14\" data-element_type=\"widget\" data-e-type=\"widget\" data-widget_type=\"text-editor.default\">\n\t\t\t\t\t\t\t\t\t<p><strong>Yhdistyksen hallitus 2018<\/strong><br \/>Aimo Leskel\u00e4, puheenjohtaja<br \/>Esa Koskela, varapuheenjohtaja<br \/>Pirjo Koskinen, sihteeri<br \/>Jari Talkara, rahastonhoitaja<br \/>Mika Kortelainen, tiedottaja<br \/>Kimmo Iirola, j\u00e4sen<br \/>Otso Yl\u00f6nen, j\u00e4sen<br \/>Jyrki Sippola, j\u00e4sen<br \/>Jari Hiirola, varaj\u00e4sen<br \/>Riitta Hellman, varaj\u00e4sen<br \/>Petri Hokkanen, varaj\u00e4sen<br \/>Ilkka H\u00f6rkk\u00f6, varaj\u00e4sen<\/p>\t\t\t\t\t\t\t\t<\/div>\n\t\t\t\t<\/div>\n\t\t\t\t\t<\/div>\n\t\t\t\t<\/div>\n\t\t<div class=\"elementor-element elementor-element-782dd43 e-flex e-con-boxed e-con e-parent\" data-id=\"782dd43\" data-element_type=\"container\" data-e-type=\"container\">\n\t\t\t\t\t<div class=\"e-con-inner\">\n\t\t<div class=\"elementor-element elementor-element-b91dc3c e-con-full e-flex e-con e-child\" data-id=\"b91dc3c\" data-element_type=\"container\" data-e-type=\"container\">\n\t\t\t\t<div class=\"elementor-element elementor-element-398cce0 elementor-widget elementor-widget-text-editor\" data-id=\"398cce0\" data-element_type=\"widget\" data-e-type=\"widget\" data-widget_type=\"text-editor.default\">\n\t\t\t\t\t\t\t\t\t<p><strong>Yhdistyksen hallitus 2017<\/strong><br \/>puheenjohtaja Kimmo Iirola<br \/>varapuheenjohtaja Aimo Leskel\u00e4<br \/>rahastonhoitaja Jari Talkara<br \/>sihteeri Pirjo Koskinen<br \/>tiedottaja Mika Kortelainen<br \/>j\u00e4sen Otso Yl\u00f6nen<br \/>j\u00e4sen Pasi Ronkanen<br \/>j\u00e4sen Esa Koskela<br \/>j\u00e4sen Jari Hiirola<br \/>varaj\u00e4sen Riitta Hellman<br \/>varaj\u00e4sen Vesa Kujanp\u00e4\u00e4<br \/>varaj\u00e4sen Timo Rouvali<br \/>varaj\u00e4sen Aimo Leskel\u00e4<\/p>\t\t\t\t\t\t\t\t<\/div>\n\t\t\t\t<\/div>\n\t\t<div class=\"elementor-element elementor-element-0368fb8 e-con-full e-flex e-con e-child\" data-id=\"0368fb8\" data-element_type=\"container\" data-e-type=\"container\">\n\t\t\t\t<div class=\"elementor-element elementor-element-3da98e2 elementor-widget elementor-widget-text-editor\" data-id=\"3da98e2\" data-element_type=\"widget\" data-e-type=\"widget\" data-widget_type=\"text-editor.default\">\n\t\t\t\t\t\t\t\t\t<p><strong>Yhdistyksen hallitus 2016<\/strong><br \/>puheenjohtaja Mika Kortelainen<br \/>varapuheenjohtaja Kimmo Iirola<br \/>rahastonhoitaja Jari Talkara<br \/>sihteeri Jari Hiirola<br \/>j\u00e4sensihteeri Elsi Helenius<br \/>j\u00e4sen Ari Havela<br \/>j\u00e4sen Esa Koskela<br \/>j\u00e4sen Mika Hurula<br \/>varaj\u00e4sen Otso Yl\u00f6nen<br \/>varaj\u00e4sen Timo Rouvali<br \/>varaj\u00e4sen Riitta Hellman<br \/>varaj\u00e4sen Juha Kivirinta<\/p>\t\t\t\t\t\t\t\t<\/div>\n\t\t\t\t<\/div>\n\t\t\t\t\t<\/div>\n\t\t\t\t<\/div>\n\t\t\t\t<\/div>\n\t\t","protected":false},"excerpt":{"rendered":"<p>Yhdistyksen hallitus 2025-2026Juha Kivirinta,\u00a0puheenjohtajaEsa Koskela,\u00a0varapuheenjohtajaMika Kortelainen,\u00a0sihteeriJyrki Sippola,\u00a0rahastonhoitajaHarri Wallenius,\u00a0j\u00e4senOtso Yl\u00f6nen,\u00a0j\u00e4senPetri Hokkanen,\u00a0j\u00e4senSami Koskinen,\u00a0j\u00e4senIlkka H\u00f6rkk\u00f6,\u00a0varaj\u00e4senTomi Joutsila,\u00a0varaj\u00e4sen Yhdistyksen hallitus 2024-2025Aimo Leskel\u00e4, puheenjohtajaEsa Koskela, varapuheenjohtajaPirjo Koskinen, sihteeriJyrki Sippola, rahastonhoitajaPetri Hokkanen, j\u00e4senSami Koskinen, j\u00e4senOtso Yl\u00f6nen, varaj\u00e4senHarri Wallenius, j\u00e4senIlkka H\u00f6rkk\u00f6, varaj\u00e4senJari Talkara, varaj\u00e4sen Yhdistyksen hallitus 2023-2024Aimo Leskel\u00e4, puheenjohtajaEsa Koskela, varapuheenjohtajaPirjo Koskinen, sihteeriJari Talkara, rahastonhoitajaPetri Hokkanen, j\u00e4senKimmo Iirola, j\u00e4senJyrki Sippola, j\u00e4senSami-Ville Koskinen, j\u00e4senOtso &hellip; <\/p>\n<p class=\"link-more\"><a href=\"https:\/\/harrastekerhotsalo.fi\/index.php\/vanhoja-hallituksia\/\" class=\"more-link\">Jatka lukemista<span class=\"screen-reader-text\"> &#8221;Vanhoja hallituksia&#8221;<\/span><\/a><\/p>\n","protected":false},"author":3,"featured_media":0,"parent":0,"menu_order":0,"comment_status":"closed","ping_status":"closed","template":"","meta":{"footnotes":""},"class_list":["post-3585","page","type-page","status-publish","hentry"],"jetpack_sharing_enabled":true,"_links":{"self":[{"href":"https:\/\/harrastekerhotsalo.fi\/index.php\/wp-json\/wp\/v2\/pages\/3585","targetHints":{"allow":["GET"]}}],"collection":[{"href":"https:\/\/harrastekerhotsalo.fi\/index.php\/wp-json\/wp\/v2\/pages"}],"about":[{"href":"https:\/\/harrastekerhotsalo.fi\/index.php\/wp-json\/wp\/v2\/types\/page"}],"author":[{"embeddable":true,"href":"https:\/\/harrastekerhotsalo.fi\/index.php\/wp-json\/wp\/v2\/users\/3"}],"replies":[{"embeddable":true,"href":"https:\/\/harrastekerhotsalo.fi\/index.php\/wp-json\/wp\/v2\/comments?post=3585"}],"version-history":[{"count":7,"href":"https:\/\/harrastekerhotsalo.fi\/index.php\/wp-json\/wp\/v2\/pages\/3585\/revisions"}],"predecessor-version":[{"id":3622,"href":"https:\/\/harrastekerhotsalo.fi\/index.php\/wp-json\/wp\/v2\/pages\/3585\/revisions\/3622"}],"wp:attachment":[{"href":"https:\/\/harrastekerhotsalo.fi\/index.php\/wp-json\/wp\/v2\/media?parent=3585"}],"curies":[{"name":"wp","href":"https:\/\/api.w.org\/{rel}","templated":true}]}}